{"id":7711,"date":"2021-08-04T14:46:21","date_gmt":"2021-08-04T17:46:21","guid":{"rendered":"https:\/\/www.ovg.org.br\/site\/?page_id=7711"},"modified":"2021-11-16T11:13:26","modified_gmt":"2021-11-16T14:13:26","slug":"aviso-de-privacidade","status":"publish","type":"page","link":"https:\/\/www.ovg.org.br\/site\/?page_id=7711","title":{"rendered":"Pol\u00edtica de Privacidade"},"content":{"rendered":"\n<p>1.&nbsp;Introdu\u00e7\u00e3o&nbsp;<\/p>\n\n\n\n<p>A Pol\u00edtica de Privacidade da&nbsp;<strong>Organiza\u00e7\u00e3o das Volunt\u00e1rias de Goi\u00e1s (OVG)<\/strong>&nbsp;foi criada com o intuito de demonstrar o nosso compromisso com a prote\u00e7\u00e3o de seus dados pessoais. A seguir, apresentaremos como as suas informa\u00e7\u00f5es ser\u00e3o coletadas, utilizadas, protegidas, bem como quais s\u00e3o os seus direitos e&nbsp;como eles poder\u00e3o ser exercidos nos termos da Lei \u00ba 13.709\/2018 (LGPD).&nbsp;<\/p>\n\n\n\n<p>2.&nbsp;Aplica\u00e7\u00e3o desta Pol\u00edtica de Privacidade&nbsp;<\/p>\n\n\n\n<p>Esta Pol\u00edtica de Privacidade demonstra nosso compromisso \u00e9tico e respons\u00e1vel no tratamento de dados pessoais e aplica-se a todos os \u201cusu\u00e1rios\u201d referindo-se aos visitantes de nosso site,&nbsp;colaboradores internos, parceiros, volunt\u00e1rios e doadores.&nbsp;<\/p>\n\n\n\n<p>3.&nbsp;Quem controla os dados pessoais&nbsp;<\/p>\n\n\n\n<p>A<strong>\u202fControladora<\/strong>, ou seja, a entidade respons\u00e1vel por tomar as decis\u00f5es sobre o tratamento dos dados pessoais \u00e9 a\u202f<strong>Organiza\u00e7\u00e3o das Volunt\u00e1rias de Goi\u00e1s,<\/strong>&nbsp;inscrita no CNPJ\/MF sob n\u00ba&nbsp;02.106.664\/0001-65, com sede na&nbsp;Av. T-14, 249 &#8211; St. Bueno, Goi\u00e2nia &#8211; GO, 74230-130.&nbsp;<\/p>\n\n\n\n<p>Decio&nbsp;Wendorf&nbsp;Carvalho ser\u00e1 o&nbsp;<strong>Encarregado de Dados<\/strong>, respons\u00e1vel por aceitar reclama\u00e7\u00f5es e comunica\u00e7\u00f5es dos titulares, prestar esclarecimentos e adotar&nbsp;provid\u00eancias e&nbsp;poder\u00e1 ser contatado atrav\u00e9s do e-mail&nbsp;<a href=\"mailto:carla.nascimento@jago.org.br\" target=\"_blank\" rel=\"noreferrer noopener\">dpo@ovg.org.br<\/a>.&nbsp;&nbsp;<\/p>\n\n\n\n<p>4.&nbsp;Como coletamos os dados pessoais&nbsp;<\/p>\n\n\n\n<p>Para que possamos prestar os nossos servi\u00e7os \u00e9 imprescind\u00edvel a coleta de algumas informa\u00e7\u00f5es pessoais. A&nbsp;OVG&nbsp;poder\u00e1 coletar dados fornecidos diretamente por voc\u00ea ou de forma autom\u00e1tica nas seguintes situa\u00e7\u00f5es:&nbsp;<\/p>\n\n\n\n<ul class=\"wp-block-list\"><li><strong>Usu\u00e1rios do site<\/strong>: por inser\u00e7\u00f5es volunt\u00e1rias no site,&nbsp;a exemplo da&nbsp;Plataforma de&nbsp;de&nbsp;Voluntariado, que h\u00e1 necessidade de cadastro no site.&nbsp;&nbsp;<\/li><li><strong>Dados de navega\u00e7\u00e3o em nosso site<\/strong>: quando acessado o site&nbsp;<a href=\"https:\/\/www.ovg.org.br\/\" target=\"_blank\" rel=\"noreferrer noopener\">https:\/\/www.ovg.org.br<\/a>.&nbsp;<\/li><\/ul>\n\n\n\n<p>5.&nbsp;Quais dados pessoais coletamos&nbsp;<\/p>\n\n\n\n<p>Os dados pessoais que coletamos variam conforme o relacionamento que voc\u00ea estabelece conosco:&nbsp;<\/p>\n\n\n\n<figure class=\"wp-block-table\"><table><tbody><tr><td><strong>Processo\u202f\/ Atividade<\/strong>&nbsp;<\/td><td><strong>Finalidade\u202f<\/strong>&nbsp;<\/td><td><strong>Dados Pessoais\u202f<\/strong>&nbsp;<\/td><\/tr><tr><td><strong>WEBSITE<\/strong>&nbsp;<\/td><td>Site institucional&nbsp;<\/td><td>IP e&nbsp;cookies&nbsp;<\/td><\/tr><tr><td><strong>CADASTRO PORTAL OVG<\/strong>&nbsp;<\/td><td>Cadastro de pessoas para participar dos diversos programas oferecidos pela OVG.&nbsp;&nbsp;Garantir a identifica\u00e7\u00e3o, autentica\u00e7\u00f5es e seguran\u00e7a que se fizerem necess\u00e1rias&nbsp;<\/td><td>Nome, e-mail, senha, CPF, data de nascimento e telefone&nbsp;<\/td><\/tr><tr><td><strong>DEPOIMENTOS E FOTOS<\/strong>&nbsp;<\/td><td>Divulga\u00e7\u00e3o dos programas&nbsp;<\/td><td>Imagem, \u00e1udio, v\u00eddeo&nbsp;e texto&nbsp;<\/td><\/tr><\/tbody><\/table><\/figure>\n\n\n\n<p>6.&nbsp;Como utilizamos os dados pessoais&nbsp;<\/p>\n\n\n\n<p>Utilizamos os dados pessoais que coletamos com responsabilidade e seguran\u00e7a para atender a diferentes finalidades. Relacionamos abaixo as principais raz\u00f5es pelas quais tratamos os seus dados pessoais:&nbsp;<\/p>\n\n\n\n<ul class=\"wp-block-list\"><li><strong>Para execu\u00e7\u00e3o do contrato firmado conosco<\/strong>: possibilitar a entrega de nossos servi\u00e7os, processar solicita\u00e7\u00f5es e pedidos de cursos, servi\u00e7os espec\u00edficos, informa\u00e7\u00f5es ou recursos, realizados pelo usu\u00e1rio; emitir certificados de participa\u00e7\u00e3o; comunicarmos ao usu\u00e1rio, por e-mail, quest\u00f5es relacionadas&nbsp;\u00e0&nbsp;privacidade e&nbsp;\u00e0&nbsp;prote\u00e7\u00e3o de dados, assuntos administrativos e\/ou pedag\u00f3gicos ou outros temas relacionados ao uso do site;&nbsp;<\/li><li><strong>Mediante o fornecimento do seu consentimento para tratamento dos dados<\/strong>: divulga\u00e7\u00e3o de novos cursos, eventos pr\u00f3prios e\/ou de terceiros, produtos e promo\u00e7\u00f5es ligados ao terceiro setor e atualiza\u00e7\u00e3o das redes sociais da&nbsp;OVG;&nbsp;<\/li><\/ul>\n\n\n\n<ul class=\"wp-block-list\"><li><strong>Quando existem interesses leg\u00edtimos da&nbsp;OVG<\/strong>: no oferecimento de nossos servi\u00e7os para alunos para o funcionamento eficaz e l\u00edcito das nossas finalidades estatut\u00e1rias, an\u00e1lise de perfil dos alunos para melhor direcionamento no oferecimento dos servi\u00e7os, desde que tais interesses n\u00e3o sejam superados pelos seus interesses, direitos e liberdades fundamentais;&nbsp;<\/li><li><strong>Exerc\u00edcio regular de nossos direitos garantidos por lei<\/strong>, como,&nbsp;por exemplo,&nbsp;para utiliza\u00e7\u00e3o como prova em processos judiciais e administrativos, se necess\u00e1rio;&nbsp;<\/li><li><strong>Cumprimento de obriga\u00e7\u00e3o legal ou regulat\u00f3ria<\/strong>.&nbsp;<\/li><\/ul>\n\n\n\n<p>6.1\u202f \u202f \u202f Como tratamos os dados pessoais sens\u00edveis&nbsp;<\/p>\n\n\n\n<p>A OVG n\u00e3o coleta dados pessoais sens\u00edveis em seu site. Caso precisemos trat\u00e1-los futuramente, solicitaremos o seu consentimento pr\u00e9vio e espec\u00edfico para esta finalidade.&nbsp;<\/p>\n\n\n\n<p>7.&nbsp;Com quem compartilhamos os dados pessoais&nbsp;<\/p>\n\n\n\n<p>A OVG sempre respeitar\u00e1 os princ\u00edpios de proporcionalidade, necessidade e relev\u00e2ncia para os objetivos da organiza\u00e7\u00e3o, mantendo o compromisso de confidencialidade e preserva\u00e7\u00e3o da sua privacidade.&nbsp;<\/p>\n\n\n\n<p>A OVG, sempre que poss\u00edvel, dar\u00e1 prioridade para o n\u00e3o compartilhamento ou o compartilhamento anonimizado.&nbsp;Entretanto, se n\u00e3o for poss\u00edvel,&nbsp;o compartilhamento ser\u00e1 realizado na propor\u00e7\u00e3o de necessidade, garantindo os preceitos legais.&nbsp;<\/p>\n\n\n\n<p>Seus dados poder\u00e3o ser compartilhados com:&nbsp;<\/p>\n\n\n\n<ul class=\"wp-block-list\"><li><strong>Parceiros<\/strong>&nbsp;que viabilizam os programas da OVG;&nbsp;<\/li><li><strong>Com autoridades p\u00fablicas, \u00f3rg\u00e3os governamentais e\/ou entidades n\u00e3o governamentais<\/strong>,&nbsp;<strong>mediante ordem judicial:<\/strong>\u202fque expressamente obrigue a&nbsp;OVG, observando o sigilo das informa\u00e7\u00f5es, nos termos da lei, ou a quem os dados tenham de ser&nbsp;comunicados, para&nbsp;cumprimento de obriga\u00e7\u00f5es legais e\/ou regulat\u00f3rias.&nbsp;<\/li><\/ul>\n\n\n\n<p>8.\u202fO que s\u00e3o cookies, para que eles servem e como utilizamos&nbsp;<\/p>\n\n\n\n<p>Ao acessar os ambientes virtuais da OVG, em principal o Site Institucional (www.ovg.org.br), mesmo sem preenchimento de formul\u00e1rios, poder\u00e3o ser coletados\/registrados cookies criptografados pelo Google e outras ferramentas.&nbsp;&nbsp;<\/p>\n\n\n\n<p>Os \u201cCookies\u201d podem ser entendidos como pequenos arquivos que s\u00e3o armazenados no dispositivo de um navegador da internet, quando um usu\u00e1rio acessa um site. Utilizamos &#8220;cookies&#8221; para controle interno e,&nbsp;tamb\u00e9m,&nbsp;para lhe oferecermos os nossos servi\u00e7os de uma forma facilitada e customizada. As informa\u00e7\u00f5es s\u00e3o demogr\u00e1ficas e comportamentais para demonstrar an\u00e1lise do perfil de cada usu\u00e1rio.&nbsp;<\/p>\n\n\n\n<p>Aten\u00e7\u00e3o: Dependendo do navegador de internet, pode estar programado para n\u00e3o aceitar &#8220;cookies&#8221;, portanto, caso voc\u00ea n\u00e3o deseje compartilhar cookies, \u00e9 poss\u00edvel configurar para recus\u00e1-los. Entretanto, vale ressaltar que ao bloquear os &#8220;cookies&#8221;, poder\u00e3o ocorrer dificuldades de acesso a determinadas se\u00e7\u00f5es de nossos ambientes virtuais.&nbsp;<\/p>\n\n\n\n<p>9.\u202fComo mantemos seus dados seguros&nbsp;<\/p>\n\n\n\n<p>Os dados pessoais tratados pela&nbsp;OVG&nbsp;ser\u00e3o eliminados quando deixarem de ser \u00fateis para os fins aos quais foram coletados ou quando voc\u00ea solicitar a sua elimina\u00e7\u00e3o, exceto na hip\u00f3tese de necessidade de cumprimento de obriga\u00e7\u00e3o legal ou regulat\u00f3ria, inclusive para o exerc\u00edcio de seus direitos em processos judiciais ou administrativos.&nbsp;<\/p>\n\n\n\n<p>10. Por quanto tempo guardamos os dados pessoais&nbsp;<\/p>\n\n\n\n<p>N\u00f3s somente manteremos os dados pessoais caso tenhamos uma base legal v\u00e1lida para realizar o tratamento. Em geral, isso significa que armazenaremos esses dados at\u00e9 o t\u00e9rmino da rela\u00e7\u00e3o contratualmente estabelecida. Contudo, certas informa\u00e7\u00f5es poder\u00e3o ser mantidas mesmo ap\u00f3s o t\u00e9rmino da rela\u00e7\u00e3o com a&nbsp;OVG, a fim de cumprir obriga\u00e7\u00e3o legal e\/ou regulat\u00f3ria ou para resguardar nossos direitos.\u202f&nbsp;<\/p>\n\n\n\n<p>11.&nbsp;Quais s\u00e3o seus direitos como titular de dados pessoais&nbsp;<\/p>\n\n\n\n<p>A&nbsp;OVG, enquanto Controladora de seus dados pessoais, respeita e garante os seguintes direitos:&nbsp;<\/p>\n\n\n\n<ul class=\"wp-block-list\"><li>Confirma\u00e7\u00e3o da exist\u00eancia de tratamento;&nbsp;<\/li><\/ul>\n\n\n\n<ul class=\"wp-block-list\"><li>Acesso aos dados;&nbsp;<\/li><li>Corre\u00e7\u00e3o de dados incompletos, inexatos ou desatualizados;&nbsp;<\/li><li>Anonimiza\u00e7\u00e3o, bloqueio ou elimina\u00e7\u00e3o de dados desnecess\u00e1rios, excessivos ou tratados em desconformidade com a lei;&nbsp;<\/li><li>Portabilidade dos dados a outro fornecedor de servi\u00e7o ou produto, mediante requisi\u00e7\u00e3o expressa do Titular dos dados pessoais;&nbsp;<\/li><li>Elimina\u00e7\u00e3o dos dados tratados com consentimento do Usu\u00e1rio;&nbsp;<\/li><\/ul>\n\n\n\n<ul class=\"wp-block-list\"><li>Obten\u00e7\u00e3o de informa\u00e7\u00f5es sobre as entidades p\u00fablicas ou privadas com as quais a&nbsp;OVG&nbsp;compartilha os seus dados;&nbsp;<\/li><li>Ser informado sobre as consequ\u00eancias em caso de negativa de fornecer o consentimento;&nbsp;<\/li><li>Revoga\u00e7\u00e3o do consentimento.&nbsp;<\/li><\/ul>\n\n\n\n<p>Neste ponto, todas as requisi\u00e7\u00f5es ser\u00e3o:&nbsp;<\/p>\n\n\n\n<ul class=\"wp-block-list\"><li>Oportunizadas de forma gratuita;&nbsp;<\/li><li>Submetidas a uma forma de valida\u00e7\u00e3o de sua identidade (a fim de que a&nbsp;OVG&nbsp;direcione o atendimento de requisi\u00e7\u00f5es, exclusivamente ao titular dos dados).&nbsp;<\/li><\/ul>\n\n\n\n<p>Para exercer os seus direitos como titular de dados pessoais, entre em contato atrav\u00e9s do e-mail&nbsp;<a href=\"mailto:carla.nascimento@jago.org.br\" target=\"_blank\" rel=\"noreferrer noopener\">dpo@ovg.org.br<\/a>.&nbsp;<\/p>\n\n\n\n<p>12.&nbsp;Onde armazenamos os dados pessoais&nbsp;<\/p>\n\n\n\n<p>Os dados pessoais podem ser armazenados e tratados no Brasil ou em outros pa\u00edses pela necessidade de armazenamento de dados em servidores de computa\u00e7\u00e3o em nuvem (cloud). O uso desses sistemas de nuvem \u00e9 parte de nossa forma de prestar servi\u00e7os sempre respeitando os procedimentos de seguran\u00e7a e de confidencialidade dos dados pessoais coletados. Onde quer que os dados sejam armazenados por n\u00f3s ou por nossos parceiros, saiba que s\u00e3o tomadas todas as medidas t\u00e9cnicas e organizacionais de seguran\u00e7a e confidencialidade, a fim de garantir um alto n\u00edvel de prote\u00e7\u00e3o dessas informa\u00e7\u00f5es.&nbsp;<\/p>\n\n\n\n<p>13.&nbsp;Altera\u00e7\u00f5es do Aviso de Privacidade&nbsp;<\/p>\n\n\n\n<p>Este Aviso&nbsp;de Privacidade poder\u00e1 ser revisado a qualquer tempo e sem pr\u00e9vio aviso, levando-se em considera\u00e7\u00e3o a legisla\u00e7\u00e3o aplic\u00e1vel e as mudan\u00e7as organizacionais que ocorram a qualquer momento, a fim de manter sua pertin\u00eancia e efic\u00e1cia.&nbsp;<\/p>\n\n\n\n<p>Recomendamos que consulte este documento periodicamente e verifique a data de sua \u00faltima atualiza\u00e7\u00e3o.&nbsp;<\/p>\n\n\n\n<p>14.&nbsp;D\u00favidas e informa\u00e7\u00f5es gerais&nbsp;<\/p>\n\n\n\n<p>Para exercer qualquer um dos seus direitos ou se voc\u00ea tiver d\u00favidas sobre o tratamento de dados pessoais ou em rela\u00e7\u00e3o \u00e0 sua privacidade, entre em contato com nosso Encarregado pelo tratamento de dados pessoais (DPO) pelo e-mail:\u202f<a href=\"mailto:carla.nascimento@jago.org.br\" target=\"_blank\" rel=\"noreferrer noopener\">dpo@ovg.org.br<\/a>.&nbsp;<\/p>\n","protected":false},"excerpt":{"rendered":"<p>1.&nbsp;Introdu\u00e7\u00e3o&nbsp; A Pol\u00edtica de Privacidade da&nbsp;Organiza\u00e7\u00e3o das Volunt\u00e1rias de Goi\u00e1s (OVG)&nbsp;foi criada com o intuito de demonstrar o nosso compromisso com a prote\u00e7\u00e3o de seus dados pessoais. A seguir, apresentaremos&hellip;<\/p>\n","protected":false},"author":1,"featured_media":0,"parent":0,"menu_order":0,"comment_status":"closed","ping_status":"closed","template":"","meta":{"_acf_changed":false,"footnotes":""},"class_list":["post-7711","page","type-page","status-publish","hentry"],"acf":[],"_links":{"self":[{"href":"https:\/\/www.ovg.org.br\/site\/index.php?rest_route=\/wp\/v2\/pages\/7711","targetHints":{"allow":["GET"]}}],"collection":[{"href":"https:\/\/www.ovg.org.br\/site\/index.php?rest_route=\/wp\/v2\/pages"}],"about":[{"href":"https:\/\/www.ovg.org.br\/site\/index.php?rest_route=\/wp\/v2\/types\/page"}],"author":[{"embeddable":true,"href":"https:\/\/www.ovg.org.br\/site\/index.php?rest_route=\/wp\/v2\/users\/1"}],"replies":[{"embeddable":true,"href":"https:\/\/www.ovg.org.br\/site\/index.php?rest_route=%2Fwp%2Fv2%2Fcomments&post=7711"}],"version-history":[{"count":2,"href":"https:\/\/www.ovg.org.br\/site\/index.php?rest_route=\/wp\/v2\/pages\/7711\/revisions"}],"predecessor-version":[{"id":9086,"href":"https:\/\/www.ovg.org.br\/site\/index.php?rest_route=\/wp\/v2\/pages\/7711\/revisions\/9086"}],"wp:attachment":[{"href":"https:\/\/www.ovg.org.br\/site\/index.php?rest_route=%2Fwp%2Fv2%2Fmedia&parent=7711"}],"curies":[{"name":"wp","href":"https:\/\/api.w.org\/{rel}","templated":true}]}}